{"id":7527,"date":"2017-02-15T12:39:51","date_gmt":"2017-02-15T18:39:51","guid":{"rendered":"http:\/\/memoriasdehacienda.colmex.mx\/mhwp\/?page_id=7527"},"modified":"2017-02-15T12:39:51","modified_gmt":"2017-02-15T18:39:51","slug":"alas-ignacio-1780-1843","status":"publish","type":"page","link":"https:\/\/memoriasdehacienda.institutomora.edu.mx\/?page_id=7527","title":{"rendered":"Alas, Ignacio (\u00bf1780?-1843)"},"content":{"rendered":"<p>Ministro de Hacienda:<\/p>\n<p>Del 20 de agosto de 1832 al 4 de enero de 1833.<\/p>\n<p>Del 21 de septiembre al 18 de diciembre de 1836.<\/p>\n<p>            Ignacio Alas estudi\u00f3 abogac\u00eda y particip\u00f3 en la lucha insurgente bajo el mando de Morelos; ocupar\u00eda cargos dentro de la administraci\u00f3n apoyada en el Congreso de Chilpancingo y la Comisi\u00f3n Ejecutiva que lo sustituir\u00eda. Tambi\u00e9n se distingui\u00f3 al participar en la defensa de C\u00f3poro. Al triunfar el movimiento independentista figurar\u00eda como asesor y auditor de guerra del Ej\u00e9rcito Trigarante, as\u00ed como comisario de Hacienda. Luego se le design\u00f3 primer oficial mayor del Ministerio de Hacienda y el presidente Guadalupe Victoria lo nombr\u00f3 ministro tesorero en las Cajas Nacionales de M\u00e9xico. En 1824 fue electo teniente gobernador de Guanajuato por el Congreso Constituyente del Estado, y con tal car\u00e1cter, en marzo de 1825, gobierna Guanajuato interinamente. Llega a ser Comisario General del Distrito Federal y Estado de M\u00e9xico en 1831. Dos veces tiene a su cargo la Secretar\u00eda de Hacienda, la primera durante el interinato presidencial de Melchor M\u00fazquiz y la segunda en el transcurso de la presidencia, tambi\u00e9n interina, de Jos\u00e9 Justo Corro. En 1837, Alas se desempe\u00f1aba como tesorero de la Federaci\u00f3n y en junio de 1843 era miembro de la Junta Legislativa.<\/p>\n<p>            En virtud de la brevedad de sus gestiones y de la situaci\u00f3n de transici\u00f3n pol\u00edtica que priva al ocupar el Ministerio, es poco -indica Carlos J. Sierra- lo que se puede decir de su administraci\u00f3n. El mismo Sierra cita en su Historia de la Administraci\u00f3n Hacendaria en M\u00e9xico, un art\u00edculo aparecido en El Cosmopolita del 14 de septiembre de 1836, cuando est\u00e1 vacante la Secretar\u00eda, poco antes de hacerse cargo de ella por segunda vez Ignacio Alas, y en el que se manifiesta la cr\u00edtica situaci\u00f3n pol\u00edtica, financiera y militar que vive el pa\u00eds: \u00abEl secretario de Hacienda -dice- no es m\u00e1s que un pagador del de la Guerra &#8230; El ministro de la Guerra se ha hecho el resumidero de los caudales p\u00fablicos\u00bb.[1]<\/p>\n<p>    [1]        C\u00e1rdenas de la Pe\u00f1a, p.19<\/p>\n","protected":false},"excerpt":{"rendered":"<p>Ministro de Hacienda: Del 20 de agosto de 1832 al 4 de enero de 1833. Del 21 de septiembre al 18 de diciembre de 1836. Ignacio Alas estudi\u00f3 abogac\u00eda y particip\u00f3 en la lucha insurgente bajo el mando de Morelos; ocupar\u00eda cargos dentro de la administraci\u00f3n apoyada en el Congreso de Chilpancingo y la Comisi\u00f3n<\/p>\n<p><a href=\"https:\/\/memoriasdehacienda.institutomora.edu.mx\/?page_id=7527\" class=\"more-link themebutton\">Read More<\/a><\/p>\n","protected":false},"author":1,"featured_media":0,"parent":0,"menu_order":0,"comment_status":"closed","ping_status":"closed","template":"","meta":[],"_links":{"self":[{"href":"https:\/\/memoriasdehacienda.institutomora.edu.mx\/index.php?rest_route=\/wp\/v2\/pages\/7527"}],"collection":[{"href":"https:\/\/memoriasdehacienda.institutomora.edu.mx\/index.php?rest_route=\/wp\/v2\/pages"}],"about":[{"href":"https:\/\/memoriasdehacienda.institutomora.edu.mx\/index.php?rest_route=\/wp\/v2\/types\/page"}],"author":[{"embeddable":true,"href":"https:\/\/memoriasdehacienda.institutomora.edu.mx\/index.php?rest_route=\/wp\/v2\/users\/1"}],"replies":[{"embeddable":true,"href":"https:\/\/memoriasdehacienda.institutomora.edu.mx\/index.php?rest_route=%2Fwp%2Fv2%2Fcomments&post=7527"}],"version-history":[{"count":1,"href":"https:\/\/memoriasdehacienda.institutomora.edu.mx\/index.php?rest_route=\/wp\/v2\/pages\/7527\/revisions"}],"predecessor-version":[{"id":7528,"href":"https:\/\/memoriasdehacienda.institutomora.edu.mx\/index.php?rest_route=\/wp\/v2\/pages\/7527\/revisions\/7528"}],"wp:attachment":[{"href":"https:\/\/memoriasdehacienda.institutomora.edu.mx\/index.php?rest_route=%2Fwp%2Fv2%2Fmedia&parent=7527"}],"curies":[{"name":"wp","href":"https:\/\/api.w.org\/{rel}","templated":true}]}}