{"id":7562,"date":"2017-02-15T13:34:14","date_gmt":"2017-02-15T19:34:14","guid":{"rendered":"http:\/\/memoriasdehacienda.colmex.mx\/mhwp\/?page_id=7562"},"modified":"2017-02-15T13:34:14","modified_gmt":"2017-02-15T19:34:14","slug":"corral-juan-jose-del","status":"publish","type":"page","link":"https:\/\/memoriasdehacienda.institutomora.edu.mx\/?page_id=7562","title":{"rendered":"Corral, Juan Jos\u00e9 del"},"content":{"rendered":"<p>Oficial Mayor de Hacienda:<\/p>\n<p>Del 13 de diciembre de 1833 al 1\u00b0 de enero de 1834.<\/p>\n<p>Del 24 de abril al 4 de mayo de 1834.<\/p>\n<p>Del 1\u00b0 al 12 de octubre de 1835.<\/p>\n<p>&nbsp;<\/p>\n<p>Particip\u00f3 en el movimiento insurgente encabezado por Morelos, despu\u00e9s de la prisi\u00f3n del caudillo fue nombrado diputado suplente del Congreso de Chilpancingo.<a title=\"\" href=\"http:\/\/memoriasdehacienda.colmex.mx\/index.php\/123#_ftn1\">[1]<\/a>\u00a0Fue designado Oficial Mayor de la Secretar\u00eda de Hacienda a principios del decenio de 1830, como tal fue responsable de la dependencia en varias ocasiones. Permanente cr\u00edtico de las operaciones usureras de los agiotistas, redact\u00f3 diversos informes en los que denunciaba el desorden financiero y corrupci\u00f3n generada por dichos pr\u00e9stamos. Su oposici\u00f3n a un gran pr\u00e9stamo perjudicial para la hacienda p\u00fablica lo llev\u00f3 a enfrentamientos en 1834 con la presidencia de G\u00f3mez Far\u00edas, por lo que renunci\u00f3 al cargo. Posteriormente, desempe\u00f1\u00f3 en puestos de menor rango en Hacienda y en secciones hacendarias del ej\u00e9rcito.<\/p>\n<p>Cabe mencionar que es autor de:\u00a0Exposici\u00f3n acerca de los prejuicios que ha causado al erario de la Rep\u00fablica el agiotage sobre sus fondos y reflexiones sobre los medios de remediar aquellos males, M\u00e9xico, 1834;\u00a0Breve rese\u00f1a sobre el estado de la hacienda y del que se llama cr\u00e9dito p\u00fablico o sea exposici\u00f3n de los males a la rep\u00fablica que han llevado&#8230;las maniobras de los agiotistas y de los malos empleados, M\u00e9xico 1848; y\u00a0Cuentas de la Comisar\u00eda y Sub-Comisar\u00eda del Ej\u00e9rcito Restaurador de la Libertad que manifiestan los ingresos y egresos que han tenido en la fecha que mencionan, M\u00e9xico, 1856.<\/p>\n<div><br clear=\"all\" \/><\/p>\n<hr size=\"1\" width=\"33%\" \/>\n<div>\n<p class=\"Textodenotaalpie\">\u00a0\u00a0\u00a0\u00a0[1] Miguel I. Verg\u00e9s. 1969. p. 148<\/p>\n<\/div>\n<\/div>\n","protected":false},"excerpt":{"rendered":"<p>Oficial Mayor de Hacienda: Del 13 de diciembre de 1833 al 1\u00b0 de enero de 1834. Del 24 de abril al 4 de mayo de 1834. Del 1\u00b0 al 12 de octubre de 1835. &nbsp; Particip\u00f3 en el movimiento insurgente encabezado por Morelos, despu\u00e9s de la prisi\u00f3n del caudillo fue nombrado diputado suplente del Congreso<\/p>\n<p><a href=\"https:\/\/memoriasdehacienda.institutomora.edu.mx\/?page_id=7562\" class=\"more-link themebutton\">Read More<\/a><\/p>\n","protected":false},"author":1,"featured_media":0,"parent":0,"menu_order":0,"comment_status":"closed","ping_status":"closed","template":"","meta":[],"_links":{"self":[{"href":"https:\/\/memoriasdehacienda.institutomora.edu.mx\/index.php?rest_route=\/wp\/v2\/pages\/7562"}],"collection":[{"href":"https:\/\/memoriasdehacienda.institutomora.edu.mx\/index.php?rest_route=\/wp\/v2\/pages"}],"about":[{"href":"https:\/\/memoriasdehacienda.institutomora.edu.mx\/index.php?rest_route=\/wp\/v2\/types\/page"}],"author":[{"embeddable":true,"href":"https:\/\/memoriasdehacienda.institutomora.edu.mx\/index.php?rest_route=\/wp\/v2\/users\/1"}],"replies":[{"embeddable":true,"href":"https:\/\/memoriasdehacienda.institutomora.edu.mx\/index.php?rest_route=%2Fwp%2Fv2%2Fcomments&post=7562"}],"version-history":[{"count":1,"href":"https:\/\/memoriasdehacienda.institutomora.edu.mx\/index.php?rest_route=\/wp\/v2\/pages\/7562\/revisions"}],"predecessor-version":[{"id":7563,"href":"https:\/\/memoriasdehacienda.institutomora.edu.mx\/index.php?rest_route=\/wp\/v2\/pages\/7562\/revisions\/7563"}],"wp:attachment":[{"href":"https:\/\/memoriasdehacienda.institutomora.edu.mx\/index.php?rest_route=%2Fwp%2Fv2%2Fmedia&parent=7562"}],"curies":[{"name":"wp","href":"https:\/\/api.w.org\/{rel}","templated":true}]}}