{"id":7578,"date":"2017-02-15T13:48:24","date_gmt":"2017-02-15T19:48:24","guid":{"rendered":"http:\/\/memoriasdehacienda.colmex.mx\/mhwp\/?page_id=7578"},"modified":"2017-02-15T13:48:24","modified_gmt":"2017-02-15T19:48:24","slug":"dublan-manuel-1830-1891","status":"publish","type":"page","link":"https:\/\/memoriasdehacienda.institutomora.edu.mx\/?page_id=7578","title":{"rendered":"Dubl\u00e1n, Manuel (1830-1891)"},"content":{"rendered":"<p>Ministro de Hacienda:<\/p>\n<p>Del 1\u00b0 de diciembre de 1884 al 31 de mayo de 1891.<\/p>\n<p>&nbsp;<\/p>\n<p>Naci\u00f3 en 1830, originario de la sierra de Oaxaca, era hijo de franc\u00e9s y oaxaque\u00f1a: su biograf\u00eda se\u00f1ala que era de origen humilde. \u00a0\u00a0\u00a0\u00a0\u00a0\u00a0\u00a0\u00a0\u00a0\u00a0\u00a0 A los 20 a\u00f1os ya participaba en la vida pol\u00edtica local como diputado (1851),integr\u00e1ndose al grupo de liberales de Oaxaca, que fueron preparados como abogados en el Instituto de Ciencias y Artes de Oaxaca, en el cual Dubl\u00e1n se recibi\u00f3 en 1852.<\/p>\n<p>Forma parte de la generaci\u00f3n liberal que acompa\u00f1\u00f3 a Ju\u00e1rez en su recorrido a la pol\u00edtica nacional. Se cas\u00f3 con Juana Maza y emparent\u00f3 con Benito Ju\u00e1rez, (de quien adem\u00e1s de ser concu\u00f1o, era consuegro, pues su hijo se cas\u00f3 con Josefa Ju\u00e1rez).<\/p>\n<p>Durante la guerra de Reforma debi\u00f3 abandonar el cargo de Secretario del Gobierno de Oaxaca, tras la revuelta contra la intervenci\u00f3n de los bienes del clero que \u00e9l decret\u00f3, raz\u00f3n por la cual huy\u00f3 del estado y se uni\u00f3 a las fuerzas liberales radicadas en Veracruz.<\/p>\n<p>En 1861, al regresar Ju\u00e1rez al poder era magistrado de la Suprema Corte, a la vez que se dedicaba al ejercicio privado de su profesi\u00f3n. En 1867, con el restablecimiento de la Rep\u00fablica fue nuevamente diputado y Ju\u00e1rez lo nombr\u00f3 secretario de Gobernaci\u00f3n pero no lo acept\u00f3 el Congreso.<\/p>\n<p>A la muerte de Ju\u00e1rez se pas\u00f3 a las filas porfiristas. Fue senador (1876) durante el primer gobierno de D\u00edaz, y diputado (1880) durante el de Manuel Gonz\u00e1lez, per\u00edodo durante el cual se desempe\u00f1\u00f3 en la Comisi\u00f3n de Hacienda, raz\u00f3n por la cual participa en la legislaci\u00f3n y negociaci\u00f3n con los bancos y en los arreglos con los acreedores internos. Esta experiencia, que sin duda le llev\u00f3 al Ministerio de Hacienda al retornar D\u00edaz el poder en 1884.<\/p>\n<p>Como ministro reestructur\u00f3, entre 1886 y 1888, la deuda interna y externa sentando las bases para la consolidaci\u00f3n de la pol\u00edtica del porfiriato. La negociaci\u00f3n lleg\u00f3 a ser conocida como la\u00a0<strong>Conversi\u00f3n Dubl\u00e1n<\/strong>. Asimismo, fue promotor de la modernizaci\u00f3n bancaria y financiera del sector privado en los a\u00f1os que fue ministro, podemos decir que fue uno de los ministros de las finanzas p\u00fablicas m\u00e1s importantes del \u00faltimo cuarto del siglo XIX.<\/p>\n<p>No obstante su labor como secretario de Hacienda, Dubl\u00e1n es conocido sobre todo por su labor de recopilaci\u00f3n jur\u00eddica en compa\u00f1\u00eda de Jos\u00e9 Mar\u00eda Lozano (Legislaci\u00f3n mexicana desde&#8230;hasta nuestros d\u00edas).<\/p>\n","protected":false},"excerpt":{"rendered":"<p>Ministro de Hacienda: Del 1\u00b0 de diciembre de 1884 al 31 de mayo de 1891. &nbsp; Naci\u00f3 en 1830, originario de la sierra de Oaxaca, era hijo de franc\u00e9s y oaxaque\u00f1a: su biograf\u00eda se\u00f1ala que era de origen humilde. \u00a0\u00a0\u00a0\u00a0\u00a0\u00a0\u00a0\u00a0\u00a0\u00a0\u00a0 A los 20 a\u00f1os ya participaba en la vida pol\u00edtica local como diputado (1851),integr\u00e1ndose al<\/p>\n<p><a href=\"https:\/\/memoriasdehacienda.institutomora.edu.mx\/?page_id=7578\" class=\"more-link themebutton\">Read More<\/a><\/p>\n","protected":false},"author":1,"featured_media":0,"parent":0,"menu_order":0,"comment_status":"closed","ping_status":"closed","template":"","meta":[],"_links":{"self":[{"href":"https:\/\/memoriasdehacienda.institutomora.edu.mx\/index.php?rest_route=\/wp\/v2\/pages\/7578"}],"collection":[{"href":"https:\/\/memoriasdehacienda.institutomora.edu.mx\/index.php?rest_route=\/wp\/v2\/pages"}],"about":[{"href":"https:\/\/memoriasdehacienda.institutomora.edu.mx\/index.php?rest_route=\/wp\/v2\/types\/page"}],"author":[{"embeddable":true,"href":"https:\/\/memoriasdehacienda.institutomora.edu.mx\/index.php?rest_route=\/wp\/v2\/users\/1"}],"replies":[{"embeddable":true,"href":"https:\/\/memoriasdehacienda.institutomora.edu.mx\/index.php?rest_route=%2Fwp%2Fv2%2Fcomments&post=7578"}],"version-history":[{"count":1,"href":"https:\/\/memoriasdehacienda.institutomora.edu.mx\/index.php?rest_route=\/wp\/v2\/pages\/7578\/revisions"}],"predecessor-version":[{"id":7579,"href":"https:\/\/memoriasdehacienda.institutomora.edu.mx\/index.php?rest_route=\/wp\/v2\/pages\/7578\/revisions\/7579"}],"wp:attachment":[{"href":"https:\/\/memoriasdehacienda.institutomora.edu.mx\/index.php?rest_route=%2Fwp%2Fv2%2Fmedia&parent=7578"}],"curies":[{"name":"wp","href":"https:\/\/api.w.org\/{rel}","templated":true}]}}