{"id":7606,"date":"2017-02-28T11:12:05","date_gmt":"2017-02-28T17:12:05","guid":{"rendered":"http:\/\/memoriasdehacienda.colmex.mx\/mhwp\/?page_id=7606"},"modified":"2017-02-28T11:12:05","modified_gmt":"2017-02-28T17:12:05","slug":"echeverria-y-migoni-pedro-j-1859","status":"publish","type":"page","link":"https:\/\/memoriasdehacienda.institutomora.edu.mx\/?page_id=7606","title":{"rendered":"Echeverr\u00eda y Migoni, Pedro J. (?-1859)"},"content":{"rendered":"<p>Ministro de Hacienda:<\/p>\n<p>Del 8 de noviembre al 14 de diciembre de 1838.<\/p>\n<p>Del 7 de diciembre al 8 de diciembre de 1844.<\/p>\n<p>Del 25 de diciembre de 1844 al 18 de enero de 1845.<\/p>\n<p>&nbsp;<\/p>\n<p>Originario de Veracruz, fue hermano de Francisco Javier Echeverr\u00eda, al igual que su hermano se dedic\u00f3 al comercio y a prestamista. Como pol\u00edtico fue senador en el Congreso de la Uni\u00f3n (llegando a ocupar su presidencia) y miembro de la Comisi\u00f3n de Industria de dicho cuerpo en 1831. Ministro de Hacienda en tres breves per\u00edodos: del 8 de noviembre al 14 de diciembre de 1838, durante la administraci\u00f3n de Anastasio Bustamante; del 7 al 8 de diciembre de 1844 y del 25 de diciembre de este a\u00f1o al 18 de enero de 1845, bajo la presidencia de Jos\u00e9 Joaqu\u00edn de Herrera. A \u00e9l se debe la suspensi\u00f3n del cobro del impuesto extraordinario sobre salarios de sirvientes y jornaleros. En abril de 1846 es electo diputado del Congreso de la Uni\u00f3n por el Estado de Guanajuato, y en febrero de 1853 lo comisionaron para proponer reformas al arancel de aduanas mar\u00edtimas y fronterizas. En 1858 colabora con el Gobierno de F\u00e9lix Zuloaga como consejero en el ramo de Hacienda. Junto con Bonifacio Guti\u00e9rrez, el 17 de mayo de este a\u00f1o integra la Junta de Cr\u00e9dito P\u00fablico. En sus\u00a0Memorias, Guillermo Prieto expresa de \u00e9l: \u00abEcheverr\u00eda era el hombre austero y retra\u00eddo, callado siempre y enemigo de charla y bromitas, quijote en el cumplimiento de su palabra y caritativo en alto grado, negando con enojo los beneficios que hac\u00eda. Sus grandes y espesas cejas, velaban casi sus ojos azules llenos de bondad\u00bb&#8221;.<a title=\"\" href=\"http:\/\/memoriasdehacienda.colmex.mx\/index.php\/130#_ftn1\">[1]<\/a><\/p>\n<div><br clear=\"all\" \/><\/p>\n<hr size=\"1\" width=\"33%\" \/>\n<div>\n<p class=\"Textodenotaalpie\">\u00a0\u00a0\u00a0\u00a0[1]\u00a0\u00a0\u00a0\u00a0\u00a0\u00a0\u00a0 C\u00e1rdenas de la Pe\u00f1a, p. 567<\/p>\n<\/div>\n<\/div>\n","protected":false},"excerpt":{"rendered":"<p>Ministro de Hacienda: Del 8 de noviembre al 14 de diciembre de 1838. Del 7 de diciembre al 8 de diciembre de 1844. Del 25 de diciembre de 1844 al 18 de enero de 1845. &nbsp; Originario de Veracruz, fue hermano de Francisco Javier Echeverr\u00eda, al igual que su hermano se dedic\u00f3 al comercio y<\/p>\n<p><a href=\"https:\/\/memoriasdehacienda.institutomora.edu.mx\/?page_id=7606\" class=\"more-link themebutton\">Read More<\/a><\/p>\n","protected":false},"author":1,"featured_media":0,"parent":0,"menu_order":0,"comment_status":"closed","ping_status":"closed","template":"","meta":[],"_links":{"self":[{"href":"https:\/\/memoriasdehacienda.institutomora.edu.mx\/index.php?rest_route=\/wp\/v2\/pages\/7606"}],"collection":[{"href":"https:\/\/memoriasdehacienda.institutomora.edu.mx\/index.php?rest_route=\/wp\/v2\/pages"}],"about":[{"href":"https:\/\/memoriasdehacienda.institutomora.edu.mx\/index.php?rest_route=\/wp\/v2\/types\/page"}],"author":[{"embeddable":true,"href":"https:\/\/memoriasdehacienda.institutomora.edu.mx\/index.php?rest_route=\/wp\/v2\/users\/1"}],"replies":[{"embeddable":true,"href":"https:\/\/memoriasdehacienda.institutomora.edu.mx\/index.php?rest_route=%2Fwp%2Fv2%2Fcomments&post=7606"}],"version-history":[{"count":1,"href":"https:\/\/memoriasdehacienda.institutomora.edu.mx\/index.php?rest_route=\/wp\/v2\/pages\/7606\/revisions"}],"predecessor-version":[{"id":7607,"href":"https:\/\/memoriasdehacienda.institutomora.edu.mx\/index.php?rest_route=\/wp\/v2\/pages\/7606\/revisions\/7607"}],"wp:attachment":[{"href":"https:\/\/memoriasdehacienda.institutomora.edu.mx\/index.php?rest_route=%2Fwp%2Fv2%2Fmedia&parent=7606"}],"curies":[{"name":"wp","href":"https:\/\/api.w.org\/{rel}","templated":true}]}}