{"id":7631,"date":"2017-02-28T12:43:18","date_gmt":"2017-02-28T18:43:18","guid":{"rendered":"http:\/\/memoriasdehacienda.colmex.mx\/mhwp\/?page_id=7631"},"modified":"2017-02-28T12:43:18","modified_gmt":"2017-02-28T18:43:18","slug":"fuentes-y-muniz-jesus-1840-1895","status":"publish","type":"page","link":"https:\/\/memoriasdehacienda.institutomora.edu.mx\/?page_id=7631","title":{"rendered":"Fuentes y Mu\u00f1iz, Jes\u00fas (\u00bf1840?-1895)"},"content":{"rendered":"<p>Ministro de Hacienda:<\/p>\n<p>&nbsp;<\/p>\n<p><img loading=\"lazy\" class=\"size-full wp-image-7632 alignright\" src=\"https:\/\/memoriasdehacienda.institutomora.edu.mx\/wp-content\/uploads\/mu\u00f1iz.jpg\" alt=\"muniz\" width=\"171\" height=\"226\" srcset=\"https:\/\/memoriasdehacienda.institutomora.edu.mx\/wp-content\/uploads\/mu\u00f1iz.jpg 171w, https:\/\/memoriasdehacienda.institutomora.edu.mx\/wp-content\/uploads\/mu\u00f1iz-113x150.jpg 113w\" sizes=\"(max-width: 171px) 100vw, 171px\" \/><br \/>\nDel 13 de septiembre de 1882 al 9 de febrero de 1884.<\/p>\n<p>&nbsp;<\/p>\n<p>Estudio en Toluca y despu\u00e9s se traslad\u00f3 a la ciudad de M\u00e9xico en donde se recibi\u00f3 de ingeniero. Ocup\u00f3 diversos cargos en la administraci\u00f3n p\u00fablica, tanto en el Estado de M\u00e9xico como en el gobierno nacional. Siendo Oficial Mayor de Hacienda en la administraci\u00f3n de Manuel Gonz\u00e1lez, sustituy\u00f3 a Francisco de Landero y Cos como ministro de dicha dependencia. Tambi\u00e9n ocup\u00f3 la direcci\u00f3n del Nacional Monte de Piedad despu\u00e9s de que \u00e9ste fue declarado en quiebra. Muri\u00f3 en ese cargo.<a title=\"\" href=\"http:\/\/memoriasdehacienda.colmex.mx\/index.php\/138#_ftn1\">[1]<\/a><\/p>\n<div><br clear=\"all\" \/><\/p>\n<hr size=\"1\" width=\"33%\" \/>\n<div>\n<p class=\"Textodenotaalpie\">\u00a0\u00a0\u00a0\u00a0[1]\u00a0\u00a0\u00a0Diccionario Por\u00faa, vol 1, p. 566.<\/p>\n<\/div>\n<\/div>\n","protected":false},"excerpt":{"rendered":"<p>Ministro de Hacienda: &nbsp; Del 13 de septiembre de 1882 al 9 de febrero de 1884. &nbsp; Estudio en Toluca y despu\u00e9s se traslad\u00f3 a la ciudad de M\u00e9xico en donde se recibi\u00f3 de ingeniero. Ocup\u00f3 diversos cargos en la administraci\u00f3n p\u00fablica, tanto en el Estado de M\u00e9xico como en el gobierno nacional. Siendo Oficial<\/p>\n<p><a href=\"https:\/\/memoriasdehacienda.institutomora.edu.mx\/?page_id=7631\" class=\"more-link themebutton\">Read More<\/a><\/p>\n","protected":false},"author":1,"featured_media":0,"parent":0,"menu_order":0,"comment_status":"closed","ping_status":"closed","template":"","meta":[],"_links":{"self":[{"href":"https:\/\/memoriasdehacienda.institutomora.edu.mx\/index.php?rest_route=\/wp\/v2\/pages\/7631"}],"collection":[{"href":"https:\/\/memoriasdehacienda.institutomora.edu.mx\/index.php?rest_route=\/wp\/v2\/pages"}],"about":[{"href":"https:\/\/memoriasdehacienda.institutomora.edu.mx\/index.php?rest_route=\/wp\/v2\/types\/page"}],"author":[{"embeddable":true,"href":"https:\/\/memoriasdehacienda.institutomora.edu.mx\/index.php?rest_route=\/wp\/v2\/users\/1"}],"replies":[{"embeddable":true,"href":"https:\/\/memoriasdehacienda.institutomora.edu.mx\/index.php?rest_route=%2Fwp%2Fv2%2Fcomments&post=7631"}],"version-history":[{"count":1,"href":"https:\/\/memoriasdehacienda.institutomora.edu.mx\/index.php?rest_route=\/wp\/v2\/pages\/7631\/revisions"}],"predecessor-version":[{"id":7633,"href":"https:\/\/memoriasdehacienda.institutomora.edu.mx\/index.php?rest_route=\/wp\/v2\/pages\/7631\/revisions\/7633"}],"wp:attachment":[{"href":"https:\/\/memoriasdehacienda.institutomora.edu.mx\/index.php?rest_route=%2Fwp%2Fv2%2Fmedia&parent=7631"}],"curies":[{"name":"wp","href":"https:\/\/api.w.org\/{rel}","templated":true}]}}