{"id":7643,"date":"2017-02-28T13:00:58","date_gmt":"2017-02-28T19:00:58","guid":{"rendered":"http:\/\/memoriasdehacienda.colmex.mx\/mhwp\/?page_id=7643"},"modified":"2017-02-28T13:00:58","modified_gmt":"2017-02-28T19:00:58","slug":"garcia-trinidad-1831-1906","status":"publish","type":"page","link":"https:\/\/memoriasdehacienda.institutomora.edu.mx\/?page_id=7643","title":{"rendered":"Garc\u00eda, Trinidad (1831-1906)"},"content":{"rendered":"<p>Ministro de Hacienda:<\/p>\n<p>Del 9 de abril de 1879 al 23 de enero de 1880.<\/p>\n<p>&nbsp;<\/p>\n<p>Naci\u00f3 en Sombrerete, Zacatecas; ah\u00ed se titul\u00f3 como profesor de Letras en 1854. Desempe\u00f1\u00e1ndose como empleado de una casa comercial y como minero pudo sostenerse en la \u00e9poca que realiz\u00f3 sus estudios. Adem\u00e1s de dedicarse a la ense\u00f1anza p\u00fablica y privada, particip\u00f3 en el comercio, la industria, la milicia y la pol\u00edtica. Como empresario estableci\u00f3 f\u00e1bricas para producir sulfato de cobre (con m\u00e9todo patentado por \u00e9l) a trav\u00e9s del material extra\u00eddo de las minas de Hidalgo del Parral, Chihuahua y Fresnillo, Zacatecas. Tambi\u00e9n introdujo un procedimiento de beneficio de oro y plata, adem\u00e1s de organizar trabajos de exploraci\u00f3n y explotaci\u00f3n en varios Estados. En 1856 se alist\u00f3 en la milicia con el cargo de supernumerario de la Guardia Nacional de Caballer\u00eda de Parras y tom\u00f3 parte en varias acciones militares bajo las \u00f3rdenes de Ignacio Zaragoza. Fue partidario de la Constituci\u00f3n de 1857 y se opuso a la intervenci\u00f3n francesa. Al paso de Ju\u00e1rez por Chihuahua le ofreci\u00f3 las instalaciones y productos de su f\u00e1brica para ser utilizados como implementos de guerra. Consider\u00f3 grave ofensa el nombramiento de \u00abdama de honor\u00bb ofrecido a su esposa por la emperatriz Carlota. Su trayectoria pol\u00edtica la desarroll\u00f3 en Zacatecas en 1867 como jefe pol\u00edtico del partido de Fresnillo y diputado al Congreso local, secretario de gobierno y encargado del peri\u00f3dico oficial del estado en 1868. Su labor estuvo encaminada a reorganizar la administraci\u00f3n p\u00fablica de su entidad; luego fue electo diputado al Congreso de la Uni\u00f3n en 1869. Colabor\u00f3 en el primer gobierno encabezado por D\u00edaz (con quien particip\u00f3 en sus campa\u00f1as), inicialmente como ministro de Gobernaci\u00f3n (1877) y luego en la cartera de Hacienda (1879, abril, a 1880, enero); en el momento de abandonar el Ministerio de Hacienda, al parecer, dej\u00f3 un super\u00e1vit de 1.5 mill\u00f3n de pesos. Despu\u00e9s ser\u00eda director del Monte de Piedad, del Hospicio, de la Escuela de Sordomudos, diputado por segunda vez y senador.<\/p>\n<p>Autor de numerosos art\u00edculos period\u00edsticos sobre la industria minera, public\u00f3 en 1895, en la ciudad de M\u00e9xico, siendo presidente de la Convenci\u00f3n Minera Nacional, su obra\u00a0Los mineros mexicanos. Colecci\u00f3n de art\u00edculos sobre tradiciones y narraciones mineras, descubrimiento de la minas m\u00e1s notables, fundaci\u00f3n de las poblaciones minerales mas importantes y particularmente sobre la crisis producida por la baja de la plata, obra que fue de nuevo editada en 1968.<a title=\"\" href=\"http:\/\/memoriasdehacienda.colmex.mx\/index.php\/142#_ftn1\">[1]<\/a><\/p>\n<div><br clear=\"all\" \/><\/p>\n<hr size=\"1\" width=\"33%\" \/>\n<div>\n<p class=\"Textodenotaalpie\">\u00a0\u00a0\u00a0\u00a0[1]\u00a0\u00a0\u00a0\u00a0\u00a0\u00a0\u00a0\u00a0Enciclopedia de M\u00e9xico, vol. 5, p. 176-177. Hay un retrato y una fotograf\u00eda de Garc\u00eda, as\u00ed como la portada de su obra. C\u00e1rdenas de la Pe\u00f1a, vol. 2, p.43<\/p>\n<\/div>\n<\/div>\n","protected":false},"excerpt":{"rendered":"<p>Ministro de Hacienda: Del 9 de abril de 1879 al 23 de enero de 1880. &nbsp; Naci\u00f3 en Sombrerete, Zacatecas; ah\u00ed se titul\u00f3 como profesor de Letras en 1854. Desempe\u00f1\u00e1ndose como empleado de una casa comercial y como minero pudo sostenerse en la \u00e9poca que realiz\u00f3 sus estudios. Adem\u00e1s de dedicarse a la ense\u00f1anza p\u00fablica<\/p>\n<p><a href=\"https:\/\/memoriasdehacienda.institutomora.edu.mx\/?page_id=7643\" class=\"more-link themebutton\">Read More<\/a><\/p>\n","protected":false},"author":1,"featured_media":0,"parent":0,"menu_order":0,"comment_status":"closed","ping_status":"closed","template":"","meta":[],"_links":{"self":[{"href":"https:\/\/memoriasdehacienda.institutomora.edu.mx\/index.php?rest_route=\/wp\/v2\/pages\/7643"}],"collection":[{"href":"https:\/\/memoriasdehacienda.institutomora.edu.mx\/index.php?rest_route=\/wp\/v2\/pages"}],"about":[{"href":"https:\/\/memoriasdehacienda.institutomora.edu.mx\/index.php?rest_route=\/wp\/v2\/types\/page"}],"author":[{"embeddable":true,"href":"https:\/\/memoriasdehacienda.institutomora.edu.mx\/index.php?rest_route=\/wp\/v2\/users\/1"}],"replies":[{"embeddable":true,"href":"https:\/\/memoriasdehacienda.institutomora.edu.mx\/index.php?rest_route=%2Fwp%2Fv2%2Fcomments&post=7643"}],"version-history":[{"count":1,"href":"https:\/\/memoriasdehacienda.institutomora.edu.mx\/index.php?rest_route=\/wp\/v2\/pages\/7643\/revisions"}],"predecessor-version":[{"id":7644,"href":"https:\/\/memoriasdehacienda.institutomora.edu.mx\/index.php?rest_route=\/wp\/v2\/pages\/7643\/revisions\/7644"}],"wp:attachment":[{"href":"https:\/\/memoriasdehacienda.institutomora.edu.mx\/index.php?rest_route=%2Fwp%2Fv2%2Fmedia&parent=7643"}],"curies":[{"name":"wp","href":"https:\/\/api.w.org\/{rel}","templated":true}]}}