{"id":7650,"date":"2017-02-28T13:17:42","date_gmt":"2017-02-28T19:17:42","guid":{"rendered":"http:\/\/memoriasdehacienda.colmex.mx\/mhwp\/?page_id=7650"},"modified":"2017-02-28T13:17:43","modified_gmt":"2017-02-28T19:17:43","slug":"gochicoa-francisco-de-paula-1825-1908","status":"publish","type":"page","link":"https:\/\/memoriasdehacienda.institutomora.edu.mx\/?page_id=7650","title":{"rendered":"Gochicoa, Francisco de Paula (1825-1908)"},"content":{"rendered":"<p>Oficial Mayor encargado de Hacienda:<\/p>\n<p><img loading=\"lazy\" class=\"size-full wp-image-7651 alignright\" src=\"https:\/\/memoriasdehacienda.institutomora.edu.mx\/wp-content\/uploads\/goicochea.jpg\" alt=\"goicochea\" width=\"171\" height=\"211\" srcset=\"https:\/\/memoriasdehacienda.institutomora.edu.mx\/wp-content\/uploads\/goicochea.jpg 171w, https:\/\/memoriasdehacienda.institutomora.edu.mx\/wp-content\/uploads\/goicochea-122x150.jpg 122w\" sizes=\"(max-width: 171px) 100vw, 171px\" \/>\u00a0\u00a0\u00a0\u00a0\u00a0 Del 6 al 21 de abril de 1861.<\/p>\n<p>Del 3 al 24 de mayo de 1861.<\/p>\n<p>&nbsp;<\/p>\n<p>Adem\u00e1s de ser Director de Contribuciones y Contador, cubriendo la ausencia de Guillermo Prieto ocup\u00f3 el cargo de Oficial Mayor de la Secretar\u00eda de Hacienda durante la primera administraci\u00f3n de Benito Ju\u00e1rez; aquien acompa\u00f1\u00f3 en el exilio. En la primer presidencia de Porfirio D\u00edaz tuvo a su cargo el Nacional Monte de Piedad, despu\u00e9s la Direcci\u00f3n General de Correos. Perteneci\u00f3 a la Sociedad Lancasteriana de M\u00e9xico. Lleg\u00f3 a ser diputado en el Congreso nacional. Muri\u00f3 en la ciudad de M\u00e9xico.<a title=\"\" href=\"http:\/\/memoriasdehacienda.colmex.mx\/index.php\/145#_ftn1\">[1]<\/a><\/p>\n<div><br clear=\"all\" \/><\/p>\n<hr size=\"1\" width=\"33%\" \/>\n<div>\n<p class=\"Textodenotaalpie\">\u00a0\u00a0\u00a0\u00a0[1]\u00a0\u00a0Diccionario Por\u00faa, vol 1, p. 610.<\/p>\n<\/div>\n<\/div>\n","protected":false},"excerpt":{"rendered":"<p>Oficial Mayor encargado de Hacienda: \u00a0\u00a0\u00a0\u00a0\u00a0 Del 6 al 21 de abril de 1861. Del 3 al 24 de mayo de 1861. &nbsp; Adem\u00e1s de ser Director de Contribuciones y Contador, cubriendo la ausencia de Guillermo Prieto ocup\u00f3 el cargo de Oficial Mayor de la Secretar\u00eda de Hacienda durante la primera administraci\u00f3n de Benito Ju\u00e1rez;<\/p>\n<p><a href=\"https:\/\/memoriasdehacienda.institutomora.edu.mx\/?page_id=7650\" class=\"more-link themebutton\">Read More<\/a><\/p>\n","protected":false},"author":1,"featured_media":0,"parent":0,"menu_order":0,"comment_status":"closed","ping_status":"closed","template":"","meta":[],"_links":{"self":[{"href":"https:\/\/memoriasdehacienda.institutomora.edu.mx\/index.php?rest_route=\/wp\/v2\/pages\/7650"}],"collection":[{"href":"https:\/\/memoriasdehacienda.institutomora.edu.mx\/index.php?rest_route=\/wp\/v2\/pages"}],"about":[{"href":"https:\/\/memoriasdehacienda.institutomora.edu.mx\/index.php?rest_route=\/wp\/v2\/types\/page"}],"author":[{"embeddable":true,"href":"https:\/\/memoriasdehacienda.institutomora.edu.mx\/index.php?rest_route=\/wp\/v2\/users\/1"}],"replies":[{"embeddable":true,"href":"https:\/\/memoriasdehacienda.institutomora.edu.mx\/index.php?rest_route=%2Fwp%2Fv2%2Fcomments&post=7650"}],"version-history":[{"count":1,"href":"https:\/\/memoriasdehacienda.institutomora.edu.mx\/index.php?rest_route=\/wp\/v2\/pages\/7650\/revisions"}],"predecessor-version":[{"id":7652,"href":"https:\/\/memoriasdehacienda.institutomora.edu.mx\/index.php?rest_route=\/wp\/v2\/pages\/7650\/revisions\/7652"}],"wp:attachment":[{"href":"https:\/\/memoriasdehacienda.institutomora.edu.mx\/index.php?rest_route=%2Fwp%2Fv2%2Fmedia&parent=7650"}],"curies":[{"name":"wp","href":"https:\/\/api.w.org\/{rel}","templated":true}]}}