{"id":7656,"date":"2017-02-28T13:23:26","date_gmt":"2017-02-28T19:23:26","guid":{"rendered":"http:\/\/memoriasdehacienda.colmex.mx\/mhwp\/?page_id=7656"},"modified":"2017-02-28T13:23:26","modified_gmt":"2017-02-28T19:23:26","slug":"gomez-del-palacio-francisco-1824-1886","status":"publish","type":"page","link":"https:\/\/memoriasdehacienda.institutomora.edu.mx\/?page_id=7656","title":{"rendered":"G\u00f3mez del Palacio, Francisco (1824-1886)"},"content":{"rendered":"<p>Ministro de Hacienda:<\/p>\n<p><img loading=\"lazy\" class=\"size-full wp-image-7657 alignright\" src=\"https:\/\/memoriasdehacienda.institutomora.edu.mx\/wp-content\/uploads\/palacioybravo.jpg\" alt=\"palacioybravo\" width=\"171\" height=\"211\" srcset=\"https:\/\/memoriasdehacienda.institutomora.edu.mx\/wp-content\/uploads\/palacioybravo.jpg 171w, https:\/\/memoriasdehacienda.institutomora.edu.mx\/wp-content\/uploads\/palacioybravo-122x150.jpg 122w\" sizes=\"(max-width: 171px) 100vw, 171px\" \/>\u00a0\u00a0\u00a0 Del 1\u00b0 al 9 de diciembre de 1876.<\/p>\n<p>&nbsp;<\/p>\n<p>Naci\u00f3 en la ciudad de Durango, con motivo de la ley de expulsi\u00f3n de los espa\u00f1oles su familia emigr\u00f3 primero a Nueva York y despu\u00e9s a C\u00e1diz. Regres\u00f3 a Durango y ah\u00ed se recibi\u00f3 de abogado. En esa entidad fue diputado, oficial mayor y secretario de gobierno. Sirviendo en el gobierno federal fue Administrador de la Renta del Tabaco en Durango (1845 y 1855). Como acad\u00e9mico ocup\u00f3 la direcci\u00f3n del Colegio del Estado (1856); catedr\u00e1tico del mismo y Rector del Colegio de Abogados. De convicciones liberales form\u00f3 parte del Congreso Constituyente de 1857 y desempe\u00f1\u00f3 diversos puestos en el gobierno encabezado por Ju\u00e1rez. Entre sus responsabilidades estuvieron la jefatura de la Comisi\u00f3n Mixta de reclamaciones hechas a los Estados Unidos del Norte y la Procuradur\u00eda General de Justicia de la Naci\u00f3n; as\u00ed mismo fue Fiscal y Magistrado del Supremo Tribunal del Estado. Despu\u00e9s del triunfo de los republicanos sobre los imperialistas, regres\u00f3 a su Estado natal en donde fue electo gobernador (1867). Al dejar la gubernatura represent\u00f3 a Durango en el Congreso nacional, despu\u00e9s volvi\u00f3 a ser gobernador de la entidad (1880-1883). A fines de 1882 gestion\u00f3, ante el gobierno nacional, que el Ferrocarril Central pasara por Durango, pero no tuvieron \u00e9xito. Se destac\u00f3 en su labor al impulsar la edificaci\u00f3n del &#8220;Mercado Nuevo&#8221;; estableci\u00f3 la Empresa de Tranv\u00edas y orden\u00f3 la construcci\u00f3n varios puentes. Muri\u00f3 en Durango, la Legislatura lo declar\u00f3 Benem\u00e9rito del Estado.<a title=\"\" href=\"http:\/\/memoriasdehacienda.colmex.mx\/index.php\/147#_ftn1\">[1]<\/a><\/p>\n<div><br clear=\"all\" \/><\/p>\n<hr size=\"1\" width=\"33%\" \/>\n<div>\n<p class=\"Textodenotaalpie\">\u00a0\u00a0\u00a0\u00a0[1]\u00a0\u00a0\u00a0\u00a0\u00a0\u00a0\u00a0 C\u00e1rdenas de la Pe\u00f1a, vol. 2, p. 103.<\/p>\n<p class=\"Textodenotaalpie\">\u00a0\u00a0\u00a0\u00a0\u00a0\u00a0\u00a0\u00a0\u00a0\u00a0\u00a0 \u00a0\u00a0\u00a0\u00a0 L\u00f3pez de Escalera, Juan. 1964. P.430<\/p>\n<p class=\"Textodenotaalpie\">\u00a0\u00a0\u00a0\u00a0\u00a0\u00a0\u00a0\u00a0\u00a0\u00a0\u00a0 \u00a0\u00a0\u00a0\u00a0 Peral, Miguel Angel. 1944. P. 145<\/p>\n<\/div>\n<\/div>\n","protected":false},"excerpt":{"rendered":"<p>Ministro de Hacienda: \u00a0\u00a0\u00a0 Del 1\u00b0 al 9 de diciembre de 1876. &nbsp; Naci\u00f3 en la ciudad de Durango, con motivo de la ley de expulsi\u00f3n de los espa\u00f1oles su familia emigr\u00f3 primero a Nueva York y despu\u00e9s a C\u00e1diz. Regres\u00f3 a Durango y ah\u00ed se recibi\u00f3 de abogado. En esa entidad fue diputado, oficial<\/p>\n<p><a href=\"https:\/\/memoriasdehacienda.institutomora.edu.mx\/?page_id=7656\" class=\"more-link themebutton\">Read More<\/a><\/p>\n","protected":false},"author":1,"featured_media":0,"parent":0,"menu_order":0,"comment_status":"closed","ping_status":"closed","template":"","meta":[],"_links":{"self":[{"href":"https:\/\/memoriasdehacienda.institutomora.edu.mx\/index.php?rest_route=\/wp\/v2\/pages\/7656"}],"collection":[{"href":"https:\/\/memoriasdehacienda.institutomora.edu.mx\/index.php?rest_route=\/wp\/v2\/pages"}],"about":[{"href":"https:\/\/memoriasdehacienda.institutomora.edu.mx\/index.php?rest_route=\/wp\/v2\/types\/page"}],"author":[{"embeddable":true,"href":"https:\/\/memoriasdehacienda.institutomora.edu.mx\/index.php?rest_route=\/wp\/v2\/users\/1"}],"replies":[{"embeddable":true,"href":"https:\/\/memoriasdehacienda.institutomora.edu.mx\/index.php?rest_route=%2Fwp%2Fv2%2Fcomments&post=7656"}],"version-history":[{"count":1,"href":"https:\/\/memoriasdehacienda.institutomora.edu.mx\/index.php?rest_route=\/wp\/v2\/pages\/7656\/revisions"}],"predecessor-version":[{"id":7658,"href":"https:\/\/memoriasdehacienda.institutomora.edu.mx\/index.php?rest_route=\/wp\/v2\/pages\/7656\/revisions\/7658"}],"wp:attachment":[{"href":"https:\/\/memoriasdehacienda.institutomora.edu.mx\/index.php?rest_route=%2Fwp%2Fv2%2Fmedia&parent=7656"}],"curies":[{"name":"wp","href":"https:\/\/api.w.org\/{rel}","templated":true}]}}