{"id":7667,"date":"2017-02-28T13:38:12","date_gmt":"2017-02-28T19:38:12","guid":{"rendered":"http:\/\/memoriasdehacienda.colmex.mx\/mhwp\/?page_id=7667"},"modified":"2017-02-28T13:38:12","modified_gmt":"2017-02-28T19:38:12","slug":"gonzalez-echeverria-jose","status":"publish","type":"page","link":"https:\/\/memoriasdehacienda.institutomora.edu.mx\/?page_id=7667","title":{"rendered":"Gonz\u00e1lez Echeverr\u00eda, Jos\u00e9"},"content":{"rendered":"<p>Ministro de Hacienda:<\/p>\n<p><img loading=\"lazy\" class=\"size-full wp-image-7668 alignright\" src=\"https:\/\/memoriasdehacienda.institutomora.edu.mx\/wp-content\/uploads\/jose-gonzalez.jpg\" alt=\"jose-gonzalez\" width=\"171\" height=\"211\" srcset=\"https:\/\/memoriasdehacienda.institutomora.edu.mx\/wp-content\/uploads\/jose-gonzalez.jpg 171w, https:\/\/memoriasdehacienda.institutomora.edu.mx\/wp-content\/uploads\/jose-gonzalez-122x150.jpg 122w\" sizes=\"(max-width: 171px) 100vw, 171px\" \/>\u00a0\u00a0\u00a0 Del 14 de noviembre de 1861 al 18 de marzo de 1862.<\/p>\n<p>Del 1\u00b0 al 4 de abril de 1862.<\/p>\n<p>&nbsp;<\/p>\n<p>Tuvo a su cargo el despacho de la Secretar\u00eda de Hacienda cuando Benito Ju\u00e1rez ocup\u00f3 la presidencia por primera vez.<\/p>\n","protected":false},"excerpt":{"rendered":"<p>Ministro de Hacienda: \u00a0\u00a0\u00a0 Del 14 de noviembre de 1861 al 18 de marzo de 1862. Del 1\u00b0 al 4 de abril de 1862. &nbsp; Tuvo a su cargo el despacho de la Secretar\u00eda de Hacienda cuando Benito Ju\u00e1rez ocup\u00f3 la presidencia por primera vez.<\/p>\n","protected":false},"author":1,"featured_media":0,"parent":0,"menu_order":0,"comment_status":"closed","ping_status":"closed","template":"","meta":[],"_links":{"self":[{"href":"https:\/\/memoriasdehacienda.institutomora.edu.mx\/index.php?rest_route=\/wp\/v2\/pages\/7667"}],"collection":[{"href":"https:\/\/memoriasdehacienda.institutomora.edu.mx\/index.php?rest_route=\/wp\/v2\/pages"}],"about":[{"href":"https:\/\/memoriasdehacienda.institutomora.edu.mx\/index.php?rest_route=\/wp\/v2\/types\/page"}],"author":[{"embeddable":true,"href":"https:\/\/memoriasdehacienda.institutomora.edu.mx\/index.php?rest_route=\/wp\/v2\/users\/1"}],"replies":[{"embeddable":true,"href":"https:\/\/memoriasdehacienda.institutomora.edu.mx\/index.php?rest_route=%2Fwp%2Fv2%2Fcomments&post=7667"}],"version-history":[{"count":1,"href":"https:\/\/memoriasdehacienda.institutomora.edu.mx\/index.php?rest_route=\/wp\/v2\/pages\/7667\/revisions"}],"predecessor-version":[{"id":7669,"href":"https:\/\/memoriasdehacienda.institutomora.edu.mx\/index.php?rest_route=\/wp\/v2\/pages\/7667\/revisions\/7669"}],"wp:attachment":[{"href":"https:\/\/memoriasdehacienda.institutomora.edu.mx\/index.php?rest_route=%2Fwp%2Fv2%2Fmedia&parent=7667"}],"curies":[{"name":"wp","href":"https:\/\/api.w.org\/{rel}","templated":true}]}}