{"id":7725,"date":"2017-02-28T15:48:12","date_gmt":"2017-02-28T21:48:12","guid":{"rendered":"http:\/\/memoriasdehacienda.colmex.mx\/mhwp\/?page_id=7725"},"modified":"2017-02-28T15:49:21","modified_gmt":"2017-02-28T21:49:21","slug":"llave-pablo-de-la-1773","status":"publish","type":"page","link":"https:\/\/memoriasdehacienda.institutomora.edu.mx\/?page_id=7725","title":{"rendered":"Llave, Pablo de la (1773-?)"},"content":{"rendered":"<p>Encargado de Hacienda:<\/p>\n<p>Del 27 de septiembre al 27 de noviembre de 1825.<\/p>\n<p>&nbsp;<\/p>\n<p>Naturalista y estadista. Naci\u00f3 en C\u00f3rdoba, Veracruz, el 11 de febrero de 1773. En 1791 abri\u00f3 un curso de filosof\u00eda en el Colegio de San Juan de Letr\u00e1n, fue doctor en Teolog\u00eda. En 1801, despu\u00e9s de ordenarse sacerdote parti\u00f3 hacia Europa. En Espa\u00f1a estudi\u00f3 lenguas orientales, lenguas muertas y ciencias naturales. El rey lo nombr\u00f3 director del Jard\u00edn de Madrid y profesor de bot\u00e1nica. Electo diputado a las Cortes espa\u00f1olas en 1812, se dio a conocer por sus ideas liberales. Regres\u00f3 a M\u00e9xico en 1823, fue nombrado Ministro de Justicia y de Asuntos Eclesi\u00e1sticos, puesto que desempe\u00f1\u00f3 hasta 1825. En 1830 fue presidente de la C\u00e1mara de Senadores. Muri\u00f3 en junio de 1833 en la hacienda del Corral, cerca de C\u00f3rdoba. Debemos mencionar que escribi\u00f3 las semblanzas de sus compa\u00f1eros en las cortes espa\u00f1olas y otros estudios de historia natural.<a title=\"\" href=\"http:\/\/memoriasdehacienda.colmex.mx\/index.php\/176#_ftn1\">[1]<\/a><\/p>\n<div>\n<p>&nbsp;<\/p>\n<hr size=\"1\" width=\"33%\" \/>\n<div>\n<p class=\"Textodenotaalpie\">\u00a0\u00a0\u00a0\u00a0[1]\u00a0\u00a0\u00a0\u00a0\u00a0\u00a0\u00a0\u00a0Diccionario Porr\u00faa, vol.1, pp.1226. Al parecer su hijo fue Ignacio de la Llave (1818-1863) militar, connotado patriota, de origen veracruzano que se distingui\u00f3 por enfrentar a los norteamericanos (1847) y a los invasores franceses (1862).<\/p>\n<p class=\"Textodenotaalpie\">\u00a0\u00a0\u00a0\u00a0\u00a0\u00a0\u00a0\u00a0\u00a0\u00a0\u00a0\u00a0\u00a0\u00a0\u00a0\u00a0\u00a0\u00a0\u00a0\u00a0\u00a0\u00a0 Leduc, Alberto; Lara y Pardo, Luis y Roumagnac, Carlos. 1910. p.<\/p>\n<\/div>\n<\/div>\n","protected":false},"excerpt":{"rendered":"<p>Encargado de Hacienda: Del 27 de septiembre al 27 de noviembre de 1825. &nbsp; Naturalista y estadista. Naci\u00f3 en C\u00f3rdoba, Veracruz, el 11 de febrero de 1773. En 1791 abri\u00f3 un curso de filosof\u00eda en el Colegio de San Juan de Letr\u00e1n, fue doctor en Teolog\u00eda. En 1801, despu\u00e9s de ordenarse sacerdote parti\u00f3 hacia Europa.<\/p>\n<p><a href=\"https:\/\/memoriasdehacienda.institutomora.edu.mx\/?page_id=7725\" class=\"more-link themebutton\">Read More<\/a><\/p>\n","protected":false},"author":1,"featured_media":0,"parent":0,"menu_order":0,"comment_status":"closed","ping_status":"closed","template":"","meta":[],"_links":{"self":[{"href":"https:\/\/memoriasdehacienda.institutomora.edu.mx\/index.php?rest_route=\/wp\/v2\/pages\/7725"}],"collection":[{"href":"https:\/\/memoriasdehacienda.institutomora.edu.mx\/index.php?rest_route=\/wp\/v2\/pages"}],"about":[{"href":"https:\/\/memoriasdehacienda.institutomora.edu.mx\/index.php?rest_route=\/wp\/v2\/types\/page"}],"author":[{"embeddable":true,"href":"https:\/\/memoriasdehacienda.institutomora.edu.mx\/index.php?rest_route=\/wp\/v2\/users\/1"}],"replies":[{"embeddable":true,"href":"https:\/\/memoriasdehacienda.institutomora.edu.mx\/index.php?rest_route=%2Fwp%2Fv2%2Fcomments&post=7725"}],"version-history":[{"count":2,"href":"https:\/\/memoriasdehacienda.institutomora.edu.mx\/index.php?rest_route=\/wp\/v2\/pages\/7725\/revisions"}],"predecessor-version":[{"id":7727,"href":"https:\/\/memoriasdehacienda.institutomora.edu.mx\/index.php?rest_route=\/wp\/v2\/pages\/7725\/revisions\/7727"}],"wp:attachment":[{"href":"https:\/\/memoriasdehacienda.institutomora.edu.mx\/index.php?rest_route=%2Fwp%2Fv2%2Fmedia&parent=7725"}],"curies":[{"name":"wp","href":"https:\/\/api.w.org\/{rel}","templated":true}]}}