{"id":7750,"date":"2017-02-28T16:30:11","date_gmt":"2017-02-28T22:30:11","guid":{"rendered":"http:\/\/memoriasdehacienda.colmex.mx\/mhwp\/?page_id=7750"},"modified":"2017-02-28T16:30:11","modified_gmt":"2017-02-28T22:30:11","slug":"mora-y-villamil-ignacio-1791-1870","status":"publish","type":"page","link":"https:\/\/memoriasdehacienda.institutomora.edu.mx\/?page_id=7750","title":{"rendered":"Mora y Villamil, Ignacio (1791-1870)"},"content":{"rendered":"<p>Encargado de Hacienda:<\/p>\n<p><img loading=\"lazy\" class=\"size-full wp-image-7751 alignright\" src=\"https:\/\/memoriasdehacienda.institutomora.edu.mx\/wp-content\/uploads\/villamil.jpg\" alt=\"villamil\" width=\"171\" height=\"201\" srcset=\"https:\/\/memoriasdehacienda.institutomora.edu.mx\/wp-content\/uploads\/villamil.jpg 171w, https:\/\/memoriasdehacienda.institutomora.edu.mx\/wp-content\/uploads\/villamil-128x150.jpg 128w\" sizes=\"(max-width: 171px) 100vw, 171px\" \/>Del 19 de octubre de 1837 al 8 de enero de 1838.<\/p>\n<p>&nbsp;<\/p>\n<p>Naci\u00f3 en la ciudad de M\u00e9xico. De formaci\u00f3n militar se distingui\u00f3 por su actividad en contra de los insurgentes logrando obtener el grado de capit\u00e1n. Al declararse la independencia se adhiri\u00f3 a Iturbide (1821). Elabor\u00f3 un plano general de la Rep\u00fablica y fue director del Cuerpo de Ingenieros del ej\u00e9rcito. Luego fue diputado del Congreso (1825-1826); ocup\u00f3 el cargo de director del Colegio Militar (1833-1836) y el de director del cuerpo de ingenieros militares (1836-1840); fue secretario de Guerra (octubre-noviembre de 1837), as\u00ed como ministro de Hacienda (octubre 19 de 1837 a enero de 1838), bajo la presidencia de Anastasio Bustamante. Particip\u00f3 en la batalla de La Angostura y form\u00f3 parte de la comisi\u00f3n que se encarg\u00f3 de negociar el armisticio con los invasores yanquis. Despu\u00e9s de haber sido consejero de Miram\u00f3n apoy\u00f3 la instauraci\u00f3n del Segundo Imperio. Fue uno de los miembros de la Junta de Notables (1863). Maximiliano lo design\u00f3 director nacional de ingenieros. Fue juzgado por haber servido al imperio y se le confin\u00f3 a vivir en San Angel aunque tiempo despu\u00e9s se traslad\u00f3 a la capital en donde falleci\u00f3.<a title=\"\" href=\"http:\/\/memoriasdehacienda.colmex.mx\/index.php\/188#_ftn1\">[1]<\/a><\/p>\n<div><br clear=\"all\" \/><\/p>\n<hr size=\"1\" width=\"33%\" \/>\n<div>\n<p class=\"Textodenotaalpie\">\u00a0\u00a0\u00a0\u00a0[1]\u00a0\u00a0\u00a0\u00a0\u00a0\u00a0\u00a0\u00a0Diccionario Porr\u00faa, vol.1, pp.1404 y C\u00e1rdenas de la Pe\u00f1a, vol.2, pp.569.<\/p>\n<\/div>\n<\/div>\n","protected":false},"excerpt":{"rendered":"<p>Encargado de Hacienda: Del 19 de octubre de 1837 al 8 de enero de 1838. &nbsp; Naci\u00f3 en la ciudad de M\u00e9xico. De formaci\u00f3n militar se distingui\u00f3 por su actividad en contra de los insurgentes logrando obtener el grado de capit\u00e1n. Al declararse la independencia se adhiri\u00f3 a Iturbide (1821). Elabor\u00f3 un plano general de<\/p>\n<p><a href=\"https:\/\/memoriasdehacienda.institutomora.edu.mx\/?page_id=7750\" class=\"more-link themebutton\">Read More<\/a><\/p>\n","protected":false},"author":1,"featured_media":0,"parent":0,"menu_order":0,"comment_status":"closed","ping_status":"closed","template":"","meta":[],"_links":{"self":[{"href":"https:\/\/memoriasdehacienda.institutomora.edu.mx\/index.php?rest_route=\/wp\/v2\/pages\/7750"}],"collection":[{"href":"https:\/\/memoriasdehacienda.institutomora.edu.mx\/index.php?rest_route=\/wp\/v2\/pages"}],"about":[{"href":"https:\/\/memoriasdehacienda.institutomora.edu.mx\/index.php?rest_route=\/wp\/v2\/types\/page"}],"author":[{"embeddable":true,"href":"https:\/\/memoriasdehacienda.institutomora.edu.mx\/index.php?rest_route=\/wp\/v2\/users\/1"}],"replies":[{"embeddable":true,"href":"https:\/\/memoriasdehacienda.institutomora.edu.mx\/index.php?rest_route=%2Fwp%2Fv2%2Fcomments&post=7750"}],"version-history":[{"count":1,"href":"https:\/\/memoriasdehacienda.institutomora.edu.mx\/index.php?rest_route=\/wp\/v2\/pages\/7750\/revisions"}],"predecessor-version":[{"id":7752,"href":"https:\/\/memoriasdehacienda.institutomora.edu.mx\/index.php?rest_route=\/wp\/v2\/pages\/7750\/revisions\/7752"}],"wp:attachment":[{"href":"https:\/\/memoriasdehacienda.institutomora.edu.mx\/index.php?rest_route=%2Fwp%2Fv2%2Fmedia&parent=7750"}],"curies":[{"name":"wp","href":"https:\/\/api.w.org\/{rel}","templated":true}]}}