{"id":7758,"date":"2017-03-15T11:33:05","date_gmt":"2017-03-15T17:33:05","guid":{"rendered":"http:\/\/memoriasdehacienda.colmex.mx\/mhwp\/?page_id=7758"},"modified":"2017-03-15T11:33:05","modified_gmt":"2017-03-15T17:33:05","slug":"mejia-escalada-francisco-1822-1901","status":"publish","type":"page","link":"https:\/\/memoriasdehacienda.institutomora.edu.mx\/?page_id=7758","title":{"rendered":"Mej\u00eda Escalada, Francisco (1822-1901)"},"content":{"rendered":"<p>Ministro de Hacienda:<\/p>\n<p><img loading=\"lazy\" class=\"size-full wp-image-7759 alignright\" src=\"https:\/\/memoriasdehacienda.institutomora.edu.mx\/wp-content\/uploads\/escalada.jpg\" alt=\"escalada\" width=\"171\" height=\"161\" srcset=\"https:\/\/memoriasdehacienda.institutomora.edu.mx\/wp-content\/uploads\/escalada.jpg 171w, https:\/\/memoriasdehacienda.institutomora.edu.mx\/wp-content\/uploads\/escalada-150x141.jpg 150w\" sizes=\"(max-width: 171px) 100vw, 171px\" \/>\u00a0\u00a0 Del 13 de junio de 1872 al 20 de noviembre de 1876.<\/p>\n<p>&nbsp;<\/p>\n<p>Naci\u00f3 en Morelia, Michoac\u00e1n, curs\u00f3 sus primeros estudios en la ciudad de M\u00e9xico; de ah\u00ed se traslad\u00f3 a Fresnillo, Zacatecas, pues su padre hab\u00eda sido nombrado administrador de la aduana de esa poblaci\u00f3n, en donde trabaj\u00f3 como escribiente meritorio (1836). Regres\u00f3 a la capital y estudi\u00f3 &#8220;farmacia&#8221; ((1840) ejerciendo durante alg\u00fan tiempo, para despu\u00e9s ingresar a trabajar en la Direcci\u00f3n General de Rentas (1842). Se enrol\u00f3 en el ej\u00e9rcito mexicano para luchar en contra los norteamericanos (1847-1848). Fue responsable, sucesivamente, de las aduanas de Veracruz, Tabasco y Tampico (1849). Al regresar a la ciudad de M\u00e9xico fungi\u00f3 como visitador de rentas (octubre de 1849); tambi\u00e9n fue administrador de la aduana de Mazatl\u00e1n. Se le design\u00f3 visitador de las aduanas mar\u00edtimas (1857). Durante la guerra de Tres A\u00f1os combati\u00f3 junto con las tropas liberales, fue nombrado oficial mayor del Ministerio de Guerra (1859). Se le design\u00f3 jefe de la oficina especial para amortizar los bienes eclesi\u00e1sticos (1861). Asimismo estuvo a cargo de la administraci\u00f3n hacendaria de los Estados de Coahuila y Nuevo Le\u00f3n (1864); form\u00f3 parte del Ej\u00e9rcito de Oriente comandado por el general Porfirio D\u00edaz (1867). Despu\u00e9s particip\u00f3 en el gobierno republicano como encargado de la Aduana de Santo Domingo; y como diputado por Tabasco fue electo presidente de la comisi\u00f3n de Hacienda. Durante el \u00faltimo gabinete juarista ocup\u00f3 la cartera de Hacienda (1872), cargo que sigui\u00f3 desempe\u00f1ando durante el gobierno de Lerdo de Tejada. Dentro de las medidas adoptadas destacan la presentaci\u00f3n de la Ley del Timbre. Al cambiar el gobierno fue acusado de mal uso de fondos p\u00fablicos durante los \u00faltimos meses del gobierno de Lerdo, acusaci\u00f3n de la cual sali\u00f3 absuelto; despu\u00e9s se dedic\u00f3 al comercio hasta que form\u00f3 parte del Congreso de la Uni\u00f3n (1885). Muri\u00f3 en la ciudad de M\u00e9xico.<a title=\"\" href=\"http:\/\/memoriasdehacienda.colmex.mx\/index.php\/184#_ftn1\">[1]<\/a><\/p>\n<p>Escribi\u00f3\u00a0Memorias de Don Francisco Mej\u00eda, Secretario de Hacienda de los Presidentes Ju\u00e1rez y Lerdo, Ediciones del Bolet\u00edn Bibliogr\u00e1fico de la Secretar\u00eda de Hacienda, M\u00e9xico, 1958.<a title=\"\" href=\"http:\/\/memoriasdehacienda.colmex.mx\/index.php\/184#_ftn2\">[2]<\/a><\/p>\n<div>\n<p>&nbsp;<\/p>\n<hr size=\"1\" width=\"33%\" \/>\n<div>\n<p class=\"Textodenotaalpie\">\u00a0\u00a0\u00a0\u00a0[1]\u00a0\u00a0\u00a0\u00a0\u00a0\u00a0\u00a0 C\u00e1rdenas de la Pe\u00d1a, vol.2, pp.297.<\/p>\n<\/div>\n<div>\n<p class=\"Textodenotaalpie\">\u00a0\u00a0\u00a0\u00a0[2]\u00a0\u00a0\u00a0\u00a0\u00a0\u00a0\u00a0\u00a0Diccionario Porr\u00faa, vol.1, pp.1302.<\/p>\n<\/div>\n<\/div>\n","protected":false},"excerpt":{"rendered":"<p>Ministro de Hacienda: \u00a0\u00a0 Del 13 de junio de 1872 al 20 de noviembre de 1876. &nbsp; Naci\u00f3 en Morelia, Michoac\u00e1n, curs\u00f3 sus primeros estudios en la ciudad de M\u00e9xico; de ah\u00ed se traslad\u00f3 a Fresnillo, Zacatecas, pues su padre hab\u00eda sido nombrado administrador de la aduana de esa poblaci\u00f3n, en donde trabaj\u00f3 como escribiente<\/p>\n<p><a href=\"https:\/\/memoriasdehacienda.institutomora.edu.mx\/?page_id=7758\" class=\"more-link themebutton\">Read More<\/a><\/p>\n","protected":false},"author":1,"featured_media":0,"parent":0,"menu_order":0,"comment_status":"closed","ping_status":"closed","template":"","meta":[],"_links":{"self":[{"href":"https:\/\/memoriasdehacienda.institutomora.edu.mx\/index.php?rest_route=\/wp\/v2\/pages\/7758"}],"collection":[{"href":"https:\/\/memoriasdehacienda.institutomora.edu.mx\/index.php?rest_route=\/wp\/v2\/pages"}],"about":[{"href":"https:\/\/memoriasdehacienda.institutomora.edu.mx\/index.php?rest_route=\/wp\/v2\/types\/page"}],"author":[{"embeddable":true,"href":"https:\/\/memoriasdehacienda.institutomora.edu.mx\/index.php?rest_route=\/wp\/v2\/users\/1"}],"replies":[{"embeddable":true,"href":"https:\/\/memoriasdehacienda.institutomora.edu.mx\/index.php?rest_route=%2Fwp%2Fv2%2Fcomments&post=7758"}],"version-history":[{"count":1,"href":"https:\/\/memoriasdehacienda.institutomora.edu.mx\/index.php?rest_route=\/wp\/v2\/pages\/7758\/revisions"}],"predecessor-version":[{"id":7871,"href":"https:\/\/memoriasdehacienda.institutomora.edu.mx\/index.php?rest_route=\/wp\/v2\/pages\/7758\/revisions\/7871"}],"wp:attachment":[{"href":"https:\/\/memoriasdehacienda.institutomora.edu.mx\/index.php?rest_route=%2Fwp%2Fv2%2Fmedia&parent=7758"}],"curies":[{"name":"wp","href":"https:\/\/api.w.org\/{rel}","templated":true}]}}