{"id":7844,"date":"2017-03-01T14:30:47","date_gmt":"2017-03-01T20:30:47","guid":{"rendered":"http:\/\/memoriasdehacienda.colmex.mx\/mhwp\/?page_id=7844"},"modified":"2017-03-01T14:30:47","modified_gmt":"2017-03-01T20:30:47","slug":"velasco-emilio-1837-1906","status":"publish","type":"page","link":"https:\/\/memoriasdehacienda.institutomora.edu.mx\/?page_id=7844","title":{"rendered":"Velasco, Emilio (1837-1906)"},"content":{"rendered":"<p>Ministro de Hacienda:<\/p>\n<p>Del 4 de noviembre al 1\u00b0 de diciembre de 1876.<\/p>\n<p>Del 25 de diciembre de 1876 al 15 de marzo de 1877.<\/p>\n<p>&nbsp;<\/p>\n<p>Naci\u00f3 en Tampico, Tamaulipas. Ah\u00ed hizo sus primeros estudios, los que concluy\u00f3 en el Colegio de San Juan de Letr\u00e1n, en la ciudad de M\u00e9xico, recibi\u00e9ndose de abogado (1859). Destac\u00f3 como jurista en derecho internacional y constitucional. Como pol\u00edtico represent\u00f3 a su Estado natal en el Congreso de la Uni\u00f3n durante la presidencia de Lerdo de Tejada. Represent\u00f3 a M\u00e9xico en Francia al t\u00e9rmino del Segundo Imperio; fue representante de M\u00e9xico en Italia. De regreso a M\u00e9xico fue electo en varias ocasiones diputado federal. En 1876, Jos\u00e9 Mar\u00eda Iglesias le nombr\u00f3 ministro de Hacienda. Escribi\u00f3 ensayos pol\u00edticos y jur\u00eddicos que le fueron publicados en peri\u00f3dicos de su \u00e9poca, asimismo edit\u00f3\u00a0Amparos del Estado de Morelos. Falleci\u00f3 en la ciudad de M\u00e9xico.<\/p>\n","protected":false},"excerpt":{"rendered":"<p>Ministro de Hacienda: Del 4 de noviembre al 1\u00b0 de diciembre de 1876. Del 25 de diciembre de 1876 al 15 de marzo de 1877. &nbsp; Naci\u00f3 en Tampico, Tamaulipas. Ah\u00ed hizo sus primeros estudios, los que concluy\u00f3 en el Colegio de San Juan de Letr\u00e1n, en la ciudad de M\u00e9xico, recibi\u00e9ndose de abogado (1859).<\/p>\n<p><a href=\"https:\/\/memoriasdehacienda.institutomora.edu.mx\/?page_id=7844\" class=\"more-link themebutton\">Read More<\/a><\/p>\n","protected":false},"author":1,"featured_media":0,"parent":0,"menu_order":0,"comment_status":"closed","ping_status":"closed","template":"","meta":[],"_links":{"self":[{"href":"https:\/\/memoriasdehacienda.institutomora.edu.mx\/index.php?rest_route=\/wp\/v2\/pages\/7844"}],"collection":[{"href":"https:\/\/memoriasdehacienda.institutomora.edu.mx\/index.php?rest_route=\/wp\/v2\/pages"}],"about":[{"href":"https:\/\/memoriasdehacienda.institutomora.edu.mx\/index.php?rest_route=\/wp\/v2\/types\/page"}],"author":[{"embeddable":true,"href":"https:\/\/memoriasdehacienda.institutomora.edu.mx\/index.php?rest_route=\/wp\/v2\/users\/1"}],"replies":[{"embeddable":true,"href":"https:\/\/memoriasdehacienda.institutomora.edu.mx\/index.php?rest_route=%2Fwp%2Fv2%2Fcomments&post=7844"}],"version-history":[{"count":1,"href":"https:\/\/memoriasdehacienda.institutomora.edu.mx\/index.php?rest_route=\/wp\/v2\/pages\/7844\/revisions"}],"predecessor-version":[{"id":7845,"href":"https:\/\/memoriasdehacienda.institutomora.edu.mx\/index.php?rest_route=\/wp\/v2\/pages\/7844\/revisions\/7845"}],"wp:attachment":[{"href":"https:\/\/memoriasdehacienda.institutomora.edu.mx\/index.php?rest_route=%2Fwp%2Fv2%2Fmedia&parent=7844"}],"curies":[{"name":"wp","href":"https:\/\/api.w.org\/{rel}","templated":true}]}}