{"id":7858,"date":"2017-03-01T14:42:40","date_gmt":"2017-03-01T20:42:40","guid":{"rendered":"http:\/\/memoriasdehacienda.colmex.mx\/mhwp\/?page_id=7858"},"modified":"2017-03-01T14:44:27","modified_gmt":"2017-03-01T20:44:27","slug":"zavala-lorenzo-1788","status":"publish","type":"page","link":"https:\/\/memoriasdehacienda.institutomora.edu.mx\/?page_id=7858","title":{"rendered":"Zavala, Lorenzo (1788-1836)"},"content":{"rendered":"<p>Ministro de Hacienda:<\/p>\n<p><img loading=\"lazy\" class=\"size-full wp-image-7861 alignright\" src=\"https:\/\/memoriasdehacienda.institutomora.edu.mx\/wp-content\/uploads\/zavala.jpg\" alt=\"zavala\" width=\"171\" height=\"225\" srcset=\"https:\/\/memoriasdehacienda.institutomora.edu.mx\/wp-content\/uploads\/zavala.jpg 171w, https:\/\/memoriasdehacienda.institutomora.edu.mx\/wp-content\/uploads\/zavala-114x150.jpg 114w\" sizes=\"(max-width: 171px) 100vw, 171px\" \/>Del 18 de abril al 2 de noviembre de 1829.<\/p>\n<p>&nbsp;<\/p>\n<p>Naci\u00f3 en Conkal, Yucat\u00e1n. Efectu\u00f3 sus estudios en el Seminario Conciliar de San Ildefonso de M\u00e9rida, en donde concluy\u00f3 sus estudios de teolog\u00eda (1807). Despu\u00e9s se dedic\u00f3 a la agricultura y al comercio. Contribuy\u00f3 a la independencia siendo miembro de las Juntas de San Juan. Fund\u00f3 el primer peri\u00f3dico de su Estado, pero por sus ideas radicales es encerrado en la prisi\u00f3n del castillo de San Juan de Ul\u00faa (1814). Electo diputado a las Cortes espa\u00f1olas, busc\u00f3 en Madrid y Par\u00eds el reconocimiento de la independencia de M\u00e9xico (1822). Form\u00f3 parte de primer Congreso Constituyente de la naci\u00f3n mexicana, para defender su ideal federalista fund\u00f3 el\u00a0Aguila Mexicana. Fue senador por su Estado natal (1825) y gobernador del Estado de M\u00e9xico (1827). Tom\u00f3 parte en el mot\u00edn de la Acordada que llev\u00f3 a la presidencia de la rep\u00fablica a Vicente Guerrero, pero se opuso a la expulsi\u00f3n de los espa\u00f1oles. Como ministro de Hacienda estableci\u00f3 una serie de nuevos impuestos para financiar la defensa del pa\u00eds ante la invasi\u00f3n espa\u00f1ola de ese a\u00f1o encabezada por el general Barradas. Los grav\u00e1menes a los propietarios con ingresos superiores a 1,000 pesos por a\u00f1o -que constituy\u00f3 el primer intento de establecer un impuesto directo a los ingresos en M\u00e9xico- provocaron fuertes protestas. Asimismo aboli\u00f3 el monopolio del tabaco (luego restablecido) y redujo los sueldos de los empleados p\u00fablicos. Tras de seis semanas de decretos radicales, Zavala enfrent\u00f3 tal nivel de oposici\u00f3n que tuvo que dimitir.<\/p>\n<p>Despu\u00e9s de estar en Europa (1830-1832) regres\u00f3 a M\u00e9xico para desempe\u00f1arse como gobernador del Estado de M\u00e9xico, en donde reorganiz\u00f3 la hacienda publica, foment\u00f3 la instrucci\u00f3n y trat\u00f3 de reglamentar la actividad pol\u00edtica. Despu\u00e9s de ser electo por segunda vez diputado por Yucat\u00e1n (1833), fue enviado como ministro plenipotenciario a Francia con la finalidad de alejarlo de la pol\u00edtica nacional. Declin\u00f3 dicho nombramiento y regres\u00f3 a M\u00e9xico para trasladarse a Texas, en donde ten\u00eda grandes propiedades. Con la finalidad de defender el sistema federal, fue electo representante de Texas en las Convenciones realizadas con el auspicio del gobierno norteamericano para decidir la posici\u00f3n ante el gobierno centralista de M\u00e9xico (1835). Al declararse la independencia de Texas Zavala opt\u00f3 por esa nacionalidad perdiendo la mexicana. Algunas de las principales obras de Zavala:\u00a0Ensayo Hist\u00f3rico de la Revoluciones de M\u00e9gico, desde 1803 hasta 1830;\u00a0Viage a los Estados-Unidos del Norte de Am\u00e9rica.<\/p>\n<p>Sobre Zavala v\u00e9ase: Justo Sierra O&#8217;Reilly.\u00a0Noticia sobre su vida (Zavala) y escritos. En:\u00a0Viaje a los Estados Unidos &#8230;, M\u00e9rida de Yucat\u00e1n, 1846; Jorge Flores D.\u00a0Lorenzo de Zavala y su Misi\u00f3n Diplom\u00e1tica en Francia (1834-1835). M\u00e9xico, Archivo Hist\u00f3rico Diplom\u00e1tico, 1951; Raymond Estep.\u00a0Lorenzo de Zavala profeta del Liberalismo mexicano, M\u00e9xico, Biblioteca Mexicana, 9, 1952; Alfonso Toro.\u00a0Dos constituyentes &#8230; Biograf\u00eda de &#8230; Lorenzo de Zavala, M\u00e9xico, 1925; Mar\u00eda de Luz Parcero.\u00a0Lorenzo de Zavala fuente y origen de la reforma liberal en M\u00e9xico, M\u00e9xico, Instituto Nacional de Antropolog\u00eda e Historia, 1969.<\/p>\n","protected":false},"excerpt":{"rendered":"<p>Ministro de Hacienda: Del 18 de abril al 2 de noviembre de 1829. &nbsp; Naci\u00f3 en Conkal, Yucat\u00e1n. Efectu\u00f3 sus estudios en el Seminario Conciliar de San Ildefonso de M\u00e9rida, en donde concluy\u00f3 sus estudios de teolog\u00eda (1807). Despu\u00e9s se dedic\u00f3 a la agricultura y al comercio. Contribuy\u00f3 a la independencia siendo miembro de las<\/p>\n<p><a href=\"https:\/\/memoriasdehacienda.institutomora.edu.mx\/?page_id=7858\" class=\"more-link themebutton\">Read More<\/a><\/p>\n","protected":false},"author":1,"featured_media":0,"parent":0,"menu_order":0,"comment_status":"closed","ping_status":"closed","template":"","meta":[],"_links":{"self":[{"href":"https:\/\/memoriasdehacienda.institutomora.edu.mx\/index.php?rest_route=\/wp\/v2\/pages\/7858"}],"collection":[{"href":"https:\/\/memoriasdehacienda.institutomora.edu.mx\/index.php?rest_route=\/wp\/v2\/pages"}],"about":[{"href":"https:\/\/memoriasdehacienda.institutomora.edu.mx\/index.php?rest_route=\/wp\/v2\/types\/page"}],"author":[{"embeddable":true,"href":"https:\/\/memoriasdehacienda.institutomora.edu.mx\/index.php?rest_route=\/wp\/v2\/users\/1"}],"replies":[{"embeddable":true,"href":"https:\/\/memoriasdehacienda.institutomora.edu.mx\/index.php?rest_route=%2Fwp%2Fv2%2Fcomments&post=7858"}],"version-history":[{"count":3,"href":"https:\/\/memoriasdehacienda.institutomora.edu.mx\/index.php?rest_route=\/wp\/v2\/pages\/7858\/revisions"}],"predecessor-version":[{"id":7862,"href":"https:\/\/memoriasdehacienda.institutomora.edu.mx\/index.php?rest_route=\/wp\/v2\/pages\/7858\/revisions\/7862"}],"wp:attachment":[{"href":"https:\/\/memoriasdehacienda.institutomora.edu.mx\/index.php?rest_route=%2Fwp%2Fv2%2Fmedia&parent=7858"}],"curies":[{"name":"wp","href":"https:\/\/api.w.org\/{rel}","templated":true}]}}